{"id":8967,"date":"2023-08-25T12:59:57","date_gmt":"2023-08-25T10:59:57","guid":{"rendered":"https:\/\/domaine-de-gaujac.com\/tourisme-gard\/de-markt-in-anduze\/"},"modified":"2026-02-26T15:56:15","modified_gmt":"2026-02-26T14:56:15","slug":"de-markt-in-anduze","status":"publish","type":"page","link":"https:\/\/domaine-de-gaujac.com\/nl\/toerisme-gard\/de-markt-in-anduze\/","title":{"rendered":"De markt in Anduze"},"content":{"rendered":"\n<div class=\"wp-block-group is-layout-constrained wp-container-core-group-is-layout-3b3f7343 wp-block-group-is-layout-constrained\" style=\"padding-top:var(--wp--preset--spacing--60);padding-bottom:var(--wp--preset--spacing--60)\">\n<h1 class=\"wp-block-heading alignwide has-text-align-center has-link-color-color has-text-color has-x-large-font-size\" style=\"margin-top:var(--wp--preset--spacing--60);margin-right:var(--wp--preset--spacing--60);margin-bottom:var(--wp--preset--spacing--60);margin-left:var(--wp--preset--spacing--60);padding-top:var(--wp--preset--spacing--60);padding-right:var(--wp--preset--spacing--60);padding-bottom:var(--wp--preset--spacing--60);padding-left:var(--wp--preset--spacing--60);text-transform:capitalize\">De markt in Anduze<\/h1>\n\n\n\n<div class=\"wp-block-columns is-layout-flex wp-container-core-columns-is-layout-08c01c1c wp-block-columns-is-layout-flex\">\n<div class=\"wp-block-column is-layout-flow wp-container-core-column-is-layout-119bc444 wp-block-column-is-layout-flow\" style=\"flex-basis:60%\">\n<div class=\"wp-block-columns is-layout-flex wp-container-core-columns-is-layout-08c01c1c wp-block-columns-is-layout-flex\">\n<div class=\"wp-block-column is-layout-flow wp-container-core-column-is-layout-119bc444 wp-block-column-is-layout-flow\">\n<figure class=\"wp-block-image size-full has-custom-border alignfull animated fadeIn slow\"><a href=\"https:\/\/domaine-de-gaujac.com\/wp-content\/uploads\/2023\/09\/les-marches-dans-le-gard.png\"><img decoding=\"async\" width=\"800\" height=\"600\" sizes=\"(max-width: min(calc(100% - 15vw), 800px)) 100vw, min(calc(100% - 15vw), 800px)\" src=\"https:\/\/domaine-de-gaujac.com\/wp-content\/uploads\/2023\/09\/les-marches-dans-le-gard.png\" alt=\"Markten in de Gard\" class=\"wp-image-7030\" style=\"border-top-left-radius:2rem\" srcset=\"https:\/\/domaine-de-gaujac.com\/wp-content\/uploads\/2023\/09\/les-marches-dans-le-gard.png 800w, https:\/\/domaine-de-gaujac.com\/wp-content\/uploads\/2023\/09\/les-marches-dans-le-gard-300x225.png 300w, https:\/\/domaine-de-gaujac.com\/wp-content\/uploads\/2023\/09\/les-marches-dans-le-gard-768x576.png 768w\" \/><\/a><\/figure>\n\n\n\n<figure class=\"wp-block-image size-full alignfull animated fadeIn delay-200ms slow\"><a href=\"https:\/\/domaine-de-gaujac.com\/wp-content\/uploads\/2023\/09\/les-marches-a-anduze.png\"><img decoding=\"async\" width=\"800\" height=\"600\" sizes=\"(max-width: min(calc(100% - 15vw), 800px)) 100vw, min(calc(100% - 15vw), 800px)\" src=\"https:\/\/domaine-de-gaujac.com\/wp-content\/uploads\/2023\/09\/les-marches-a-anduze.png\" alt=\"Markten in Anduze\" class=\"wp-image-7032\" srcset=\"https:\/\/domaine-de-gaujac.com\/wp-content\/uploads\/2023\/09\/les-marches-a-anduze.png 800w, https:\/\/domaine-de-gaujac.com\/wp-content\/uploads\/2023\/09\/les-marches-a-anduze-300x225.png 300w, https:\/\/domaine-de-gaujac.com\/wp-content\/uploads\/2023\/09\/les-marches-a-anduze-768x576.png 768w\" \/><\/a><\/figure>\n<\/div>\n\n\n\n<div class=\"wp-block-column is-layout-flow wp-container-core-column-is-layout-119bc444 wp-block-column-is-layout-flow\">\n<figure class=\"wp-block-image size-large alignfull refill animated fadeIn delay-100ms slow\"><a href=\"https:\/\/domaine-de-gaujac.com\/wp-content\/uploads\/2023\/09\/marches-a-anduze-683x1024.jpg\"><img decoding=\"async\" width=\"683\" height=\"1024\" sizes=\"(max-width: min(calc(100% - 15vw), 683px)) 100vw, min(calc(100% - 15vw), 683px)\" src=\"https:\/\/domaine-de-gaujac.com\/wp-content\/uploads\/2023\/09\/marches-a-anduze-683x1024.jpg\" alt=\"Markten in Anduze\" class=\"wp-image-7573\" srcset=\"https:\/\/domaine-de-gaujac.com\/wp-content\/uploads\/2023\/09\/marches-a-anduze-683x1024.jpg 683w, https:\/\/domaine-de-gaujac.com\/wp-content\/uploads\/2023\/09\/marches-a-anduze-200x300.jpg 200w, https:\/\/domaine-de-gaujac.com\/wp-content\/uploads\/2023\/09\/marches-a-anduze-768x1152.jpg 768w, https:\/\/domaine-de-gaujac.com\/wp-content\/uploads\/2023\/09\/marches-a-anduze.jpg 800w\" \/><\/a><\/figure>\n<\/div>\n<\/div>\n<\/div>\n\n\n\n<div class=\"wp-block-column is-vertically-aligned-top is-layout-flow wp-block-column-is-layout-flow\" style=\"flex-basis:40%\">\n<div class=\"wp-block-group is-layout-flow wp-block-group-is-layout-flow\" style=\"padding-right:var(--wp--preset--spacing--40);padding-bottom:0;padding-left:var(--wp--preset--spacing--40)\">\n<h2 class=\"wp-block-heading has-color-1-color has-text-color has-ursula-font-family has-large-font-size\" style=\"margin-top:0;margin-right:0;margin-bottom:0;margin-left:0;font-style:normal;font-weight:500;line-height:1\">De beste markten in Anduze<\/h2>\n\n\n\n<p>Als u tijdens uw <a href=\"\/tourisme-gard\/\">verblijf<\/a> op <a href=\"https:\/\/domaine-de-gaujac.com\/nl\/\">camping Le Domaine de Gaujac<\/a> in de Gard het oorspronkelijke Frankrijk, zijn gebruiken en tradities wilt leren kennen, dan biedt <a href=\"https:\/\/domaine-de-gaujac.com\/nl\/toerisme-gard\/toerisme-anduze\/\">Anduze<\/a> daarvoor de beste gelegenheid. Het stadje in de Cevennen leeft immers in zekere zin zijn tradities na. Samen met de lokale bevolking kunnen vakantiegangers deelnemen aan verschillende festivals en ook tal van markten bezoeken en natuurlijk talloze regionale producten proeven.<\/p>\n\n\n\n<p>Donderdag zijn de dagen waarop handelaren en kopers elkaar ontmoeten op de <strong>Anduze-markt<\/strong>.<\/p>\n<\/div>\n<\/div>\n<\/div>\n<\/div>\n\n<div class=\"wp-block-group overflow-hidden is-layout-flow wp-block-group-is-layout-flow\" style=\"margin-top:0;margin-bottom:0;padding-top:0;padding-bottom:0\">\n<div class=\"wp-block-group overflow-hidden has-color-4-background-color has-background is-layout-flow wp-block-group-is-layout-flow\" style=\"padding-top:0;padding-bottom:0\">\n<figure class=\"wp-block-image size-full is-resized rellax m-n-l-38 opacity-15 is-style-gt-bg-image-top-left\"><img decoding=\"async\" width=\"1024\" height=\"1024\" sizes=\"(max-width: min(calc(100% - 15vw), 256px)) 100vw, min(calc(100% - 15vw), 256px)\" src=\"https:\/\/domaine-de-gaujac.com\/wp-content\/uploads\/2023\/06\/Camping-Paradis-Chanterelles04-3.webp\" alt=\"Feestlogo\" class=\"wp-image-4452\" style=\"width:256px;height:256px\" srcset=\"https:\/\/domaine-de-gaujac.com\/wp-content\/uploads\/2023\/06\/Camping-Paradis-Chanterelles04-3.webp 1024w, https:\/\/domaine-de-gaujac.com\/wp-content\/uploads\/2023\/06\/Camping-Paradis-Chanterelles04-3-300x300.webp 300w, https:\/\/domaine-de-gaujac.com\/wp-content\/uploads\/2023\/06\/Camping-Paradis-Chanterelles04-3-150x150.webp 150w, https:\/\/domaine-de-gaujac.com\/wp-content\/uploads\/2023\/06\/Camping-Paradis-Chanterelles04-3-768x768.webp 768w\" \/><\/figure>\n\n\n\n<div class=\"wp-block-columns is-layout-flex wp-container-core-columns-is-layout-28f84493 wp-block-columns-is-layout-flex\">\n<div class=\"wp-block-column is-vertically-aligned-center is-layout-flow wp-block-column-is-layout-flow\" style=\"padding-top:var(--wp--preset--spacing--80);padding-right:var(--wp--preset--spacing--80);padding-bottom:var(--wp--preset--spacing--80);padding-left:var(--wp--preset--spacing--80);flex-basis:50%\">\n<p><strong>Naar de Anduze-markt gaan<\/strong> betekent boeren en lokale producenten uit de Cevennen ontmoeten. Ze zijn gemotiveerd door hun werk en enthousiast om u het product van hun land, hun meesterwerk, te presenteren. U zult uitzonderlijke mensen ontmoeten en onvergetelijke momenten delen tijdens uw bezoek <strong>aan de Anduze-markt<\/strong>. Je kunt met z&#8217;n twee\u00ebn of met al je familieleden of vriendengroep <strong>naar de markt in Anduze<\/strong> .<\/p>\n\n\n\n<h2 class=\"wp-block-heading\"><strong>De verschillende markten<\/strong><\/h2>\n\n\n\n<p>Maandag Cardet <br\/>Dinsdag Saint Jean du Gard &#8211; Saint Christol Lez Ales &#8211; Le Vigan <br\/>Woensdag Quissac &#8211; La Grand&#8217;Combe <br\/>Donderdag Anduze <br\/>Vrijdag Ganges &#8211; Al\u00e8s &#8211; G\u00e9n\u00e9rargues <br\/>Zaterdag Al\u00e8s &#8211; Boisset et Gaujac &#8211; La Grand&#8217;Combe &#8211; Sauve &#8211; Uz\u00e8s <br\/>Zondag Chamborigaud &#8211; L\u00e9zan &#8211; Anduze (vlooienmarkt)<\/p>\n\n\n\n<h2 class=\"wp-block-heading\"><strong>Avondmarkten<\/strong><\/h2>\n\n\n\n<p>Dinsdag Anduze <br\/>Woensdag Al\u00e8s &#8211; Sommi\u00e8res <br\/>Donderdag Saint Jean Du Gard<\/p>\n<\/div>\n\n\n\n<div class=\"wp-block-column is-vertically-aligned-center is-layout-flow wp-block-column-is-layout-flow\" style=\"border-style:none;border-width:0px;padding-top:0;padding-right:0;padding-bottom:0;padding-left:0;line-height:1.5;flex-basis:50%\">\n<div class=\"wp-block-group overflow-auto is-layout-flow wp-block-group-is-layout-flow\" style=\"padding-left:var(--wp--preset--spacing--80)\">\n<figure class=\"wp-block-image alignright size-full is-resized alignfull blobed\"><img decoding=\"async\" width=\"800\" height=\"600\" sizes=\"(max-width: min(calc(100% - 15vw), 800px)) 100vw, min(calc(100% - 15vw), 800px)\" src=\"https:\/\/domaine-de-gaujac.com\/wp-content\/uploads\/2023\/09\/decouvrir-les-marches-du-gard.png\" alt=\"Ontdek de markten van de Gard\" class=\"wp-image-7039\" style=\"width:800px;height:600px\" srcset=\"https:\/\/domaine-de-gaujac.com\/wp-content\/uploads\/2023\/09\/decouvrir-les-marches-du-gard.png 800w, https:\/\/domaine-de-gaujac.com\/wp-content\/uploads\/2023\/09\/decouvrir-les-marches-du-gard-300x225.png 300w, https:\/\/domaine-de-gaujac.com\/wp-content\/uploads\/2023\/09\/decouvrir-les-marches-du-gard-768x576.png 768w\" \/><\/figure>\n<\/div>\n<\/div>\n<\/div>\n<\/div>\n<\/div>\n\n<div class=\"wp-block-group overflow-visible has-background is-layout-constrained wp-container-core-group-is-layout-612028c2 wp-block-group-is-layout-constrained\" style=\"border-top-color:var(--wp--preset--color--white);border-top-width:12rem;border-right-color:var(--wp--preset--color--white);border-bottom-color:var(--wp--preset--color--white);border-left-color:var(--wp--preset--color--white);background:linear-gradient(174deg,rgb(255,255,255) 29%,rgb(173,219,243) 29%);margin-top:0rem;margin-bottom:0;padding-top:var(--wp--preset--spacing--80);padding-bottom:8rem\">\n<figure class=\"wp-block-image size-full is-resized rellax is-style-gt-bg-image-bottom-left\"><img decoding=\"async\" width=\"273\" height=\"218\" sizes=\"(max-width: min(calc(100% - 15vw), 205px)) 100vw, min(calc(100% - 15vw), 205px)\" src=\"https:\/\/domaine-de-gaujac.com\/wp-content\/uploads\/2023\/05\/actualites-camping-paradis.png\" alt=\"Camping Paradis nieuws\" class=\"wp-image-841\" style=\"width:205px;height:164px\"\/><\/figure>\n\n\n\n<h2 class=\"wp-block-heading has-text-align-center z-index-3 position-relative m-n-t-20 animated fadeInUp has-large-font-size\">Ontdek Anduze:<\/h2>\n\n\n\n<div class=\"wp-block-group is-content-justification-center is-layout-constrained wp-container-core-group-is-layout-1557714b wp-block-group-is-layout-constrained\">\n<hr class=\"wp-block-separator has-text-color has-link-color-color has-alpha-channel-opacity has-link-color-background-color has-background animated fadeInUp delay-200ms\" \/>\n<\/div>\n\n\n\r\n<div \r\n     \r\n    class=\"gt-maillage-block animated fadeInUp delay-100ms slow\" \r\n    style=\"border-top-left-radius:0px;border-top-right-radius:0px;border-bottom-left-radius:0px;border-bottom-right-radius:0px;border-style:none;border-width:0px;\"\r\n>\r\n\r\n    \r\n        \r\n        <article \r\n    class=\"gt-cta gt-cta--page\" \r\n    style=\"aspect-ratio:1\/1\"\r\n>\r\n    <a href=\"https:\/\/domaine-de-gaujac.com\/nl\/toerisme-gard\/toerisme-anduze\/\" title=\"Anduze\" class=\"gt-cta__link\">\r\n        <div class=\"gt-cta__thumb\">\r\n                                            <img alt=\"visiter anduze en campin\" decoding=\"async\" width=\"550\" height=\"550\" src=\"https:\/\/domaine-de-gaujac.com\/wp-content\/uploads\/2023\/08\/visiter-anduze-en-campin.jpg\" class=\"attachment-full size-full\" alt=\"\" srcset=\"https:\/\/domaine-de-gaujac.com\/wp-content\/uploads\/2023\/08\/visiter-anduze-en-campin.jpg 550w, https:\/\/domaine-de-gaujac.com\/wp-content\/uploads\/2023\/08\/visiter-anduze-en-campin-300x300.jpg 300w, https:\/\/domaine-de-gaujac.com\/wp-content\/uploads\/2023\/08\/visiter-anduze-en-campin-150x150.jpg 150w\" sizes=\"(max-width: 550px) 100vw, 550px\" \/>                    <\/div>\r\n        <div class=\"gt-cta__content\">\r\n            <div class=\"gt-cta__title\">\r\n                Anduze            <\/div>\r\n        <\/div>\r\n    <\/a>\r\n<\/article>\r\n    \r\n        <article \r\n    class=\"gt-cta gt-cta--page\" \r\n    style=\"aspect-ratio:1\/1\"\r\n>\r\n    <a href=\"https:\/\/domaine-de-gaujac.com\/nl\/toerisme-gard\/de-culinaire-specialiteiten-danduze\/\" title=\"De culinaire specialiteiten van Anduze\" class=\"gt-cta__link\">\r\n        <div class=\"gt-cta__thumb\">\r\n                                            <img alt=\"gastronimie camping domaine de gaujac\" decoding=\"async\" width=\"550\" height=\"550\" src=\"https:\/\/domaine-de-gaujac.com\/wp-content\/uploads\/2023\/09\/gastronimie-camping-domaine-de-gaujac.jpg\" class=\"attachment-full size-full\" alt=\"\" srcset=\"https:\/\/domaine-de-gaujac.com\/wp-content\/uploads\/2023\/09\/gastronimie-camping-domaine-de-gaujac.jpg 550w, https:\/\/domaine-de-gaujac.com\/wp-content\/uploads\/2023\/09\/gastronimie-camping-domaine-de-gaujac-300x300.jpg 300w, https:\/\/domaine-de-gaujac.com\/wp-content\/uploads\/2023\/09\/gastronimie-camping-domaine-de-gaujac-150x150.jpg 150w\" sizes=\"(max-width: 550px) 100vw, 550px\" \/>                    <\/div>\r\n        <div class=\"gt-cta__content\">\r\n            <div class=\"gt-cta__title\">\r\n                Toerisme            <\/div>\r\n        <\/div>\r\n    <\/a>\r\n<\/article>\r\n    \r\n        <article \r\n    class=\"gt-cta gt-cta--page\" \r\n    style=\"aspect-ratio:1\/1\"\r\n>\r\n    <a href=\"https:\/\/domaine-de-gaujac.com\/nl\/toerisme-gard\/waar-te-baden-in-anduze\/\" title=\"Waar te zwemmen in Anduze?\" class=\"gt-cta__link\">\r\n        <div class=\"gt-cta__thumb\">\r\n                                            <img alt=\"decouvrir les plages danduze\" decoding=\"async\" width=\"550\" height=\"550\" src=\"https:\/\/domaine-de-gaujac.com\/wp-content\/uploads\/2023\/09\/decouvrir-les-plages-danduze.jpg\" class=\"attachment-full size-full\" alt=\"\" srcset=\"https:\/\/domaine-de-gaujac.com\/wp-content\/uploads\/2023\/09\/decouvrir-les-plages-danduze.jpg 550w, https:\/\/domaine-de-gaujac.com\/wp-content\/uploads\/2023\/09\/decouvrir-les-plages-danduze-300x300.jpg 300w, https:\/\/domaine-de-gaujac.com\/wp-content\/uploads\/2023\/09\/decouvrir-les-plages-danduze-150x150.jpg 150w\" sizes=\"(max-width: 550px) 100vw, 550px\" \/>                    <\/div>\r\n        <div class=\"gt-cta__content\">\r\n            <div class=\"gt-cta__title\">\r\n                Toerisme            <\/div>\r\n        <\/div>\r\n    <\/a>\r\n<\/article>\r\n            \r\n<\/div><\/div>\n","protected":false},"excerpt":{"rendered":"<p>De markt in Anduze De beste markten in Anduze Als u tijdens uw verblijf op camping Le Domaine de Gaujac in de Gard het oorspronkelijke Frankrijk, zijn gebruiken en tradities wilt leren kennen, dan biedt Anduze daarvoor de beste gelegenheid. Het stadje in de Cevennen leeft immers in zekere zin zijn tradities na. Samen met [&hellip;]<\/p>\n","protected":false},"author":1,"featured_media":8973,"parent":8752,"menu_order":57,"comment_status":"closed","ping_status":"closed","template":"","meta":{"_acf_changed":false,"footnotes":""},"class_list":["post-8967","page","type-page","status-publish","has-post-thumbnail","hentry"],"acf":[],"yoast_head":"<!-- This site is optimized with the Yoast SEO plugin v27.3 - https:\/\/yoast.com\/product\/yoast-seo-wordpress\/ -->\n<title>Markten in Anduze in de Gard: lijst van markten, rommelmarkten, avondmarkten, zomermarkten<\/title>\n<meta name=\"description\" content=\"Ontdek de traditionele markt van Anduze tijdens uw verblijf op Domaine de Gaujac: lokale producten, ambachten en de authenticiteit van de Gard.\" \/>\n<meta name=\"robots\" content=\"index, follow, max-snippet:-1, max-image-preview:large, max-video-preview:-1\" \/>\n<link rel=\"canonical\" href=\"https:\/\/domaine-de-gaujac.com\/nl\/toerisme-gard\/de-markt-in-anduze\/\" \/>\n<meta property=\"og:locale\" content=\"nl_NL\" \/>\n<meta property=\"og:type\" content=\"article\" \/>\n<meta property=\"og:title\" content=\"Markten in Anduze in de Gard: lijst van markten, rommelmarkten, avondmarkten, zomermarkten\" \/>\n<meta property=\"og:description\" content=\"Ontdek de traditionele markt van Anduze tijdens uw verblijf op Domaine de Gaujac: lokale producten, ambachten en de authenticiteit van de Gard.\" \/>\n<meta property=\"og:url\" content=\"https:\/\/domaine-de-gaujac.com\/nl\/toerisme-gard\/de-markt-in-anduze\/\" \/>\n<meta property=\"og:site_name\" content=\"Gaujac\" \/>\n<meta property=\"article:modified_time\" content=\"2026-02-26T14:56:15+00:00\" \/>\n<meta property=\"og:image\" content=\"https:\/\/domaine-de-gaujac.com\/wp-content\/uploads\/2023\/09\/marches-proche-danduze.jpg\" \/>\n\t<meta property=\"og:image:width\" content=\"1920\" \/>\n\t<meta property=\"og:image:height\" content=\"500\" \/>\n\t<meta property=\"og:image:type\" content=\"image\/jpeg\" \/>\n<meta name=\"twitter:card\" content=\"summary_large_image\" \/>\n<meta name=\"twitter:label1\" content=\"Geschatte leestijd\" \/>\n\t<meta name=\"twitter:data1\" content=\"1 minuut\" \/>\n<script type=\"application\/ld+json\" class=\"yoast-schema-graph\">{\"@context\":\"https:\\\/\\\/schema.org\",\"@graph\":[{\"@type\":\"WebPage\",\"@id\":\"https:\\\/\\\/domaine-de-gaujac.com\\\/nl\\\/toerisme-gard\\\/de-markt-in-anduze\\\/\",\"url\":\"https:\\\/\\\/domaine-de-gaujac.com\\\/nl\\\/toerisme-gard\\\/de-markt-in-anduze\\\/\",\"name\":\"Markten in Anduze in de Gard: lijst van markten, rommelmarkten, avondmarkten, zomermarkten\",\"isPartOf\":{\"@id\":\"https:\\\/\\\/domaine-de-gaujac.com\\\/nl\\\/#website\"},\"primaryImageOfPage\":{\"@id\":\"https:\\\/\\\/domaine-de-gaujac.com\\\/nl\\\/toerisme-gard\\\/de-markt-in-anduze\\\/#primaryimage\"},\"image\":{\"@id\":\"https:\\\/\\\/domaine-de-gaujac.com\\\/nl\\\/toerisme-gard\\\/de-markt-in-anduze\\\/#primaryimage\"},\"thumbnailUrl\":\"https:\\\/\\\/domaine-de-gaujac.com\\\/wp-content\\\/uploads\\\/2023\\\/09\\\/marches-proche-danduze.jpg\",\"datePublished\":\"2023-08-25T10:59:57+00:00\",\"dateModified\":\"2026-02-26T14:56:15+00:00\",\"description\":\"Ontdek de traditionele markt van Anduze tijdens uw verblijf op Domaine de Gaujac: lokale producten, ambachten en de authenticiteit van de Gard.\",\"breadcrumb\":{\"@id\":\"https:\\\/\\\/domaine-de-gaujac.com\\\/nl\\\/toerisme-gard\\\/de-markt-in-anduze\\\/#breadcrumb\"},\"inLanguage\":\"nl-NL\",\"potentialAction\":[{\"@type\":\"ReadAction\",\"target\":[\"https:\\\/\\\/domaine-de-gaujac.com\\\/nl\\\/toerisme-gard\\\/de-markt-in-anduze\\\/\"]}]},{\"@type\":\"ImageObject\",\"inLanguage\":\"nl-NL\",\"@id\":\"https:\\\/\\\/domaine-de-gaujac.com\\\/nl\\\/toerisme-gard\\\/de-markt-in-anduze\\\/#primaryimage\",\"url\":\"https:\\\/\\\/domaine-de-gaujac.com\\\/wp-content\\\/uploads\\\/2023\\\/09\\\/marches-proche-danduze.jpg\",\"contentUrl\":\"https:\\\/\\\/domaine-de-gaujac.com\\\/wp-content\\\/uploads\\\/2023\\\/09\\\/marches-proche-danduze.jpg\",\"width\":1920,\"height\":500},{\"@type\":\"BreadcrumbList\",\"@id\":\"https:\\\/\\\/domaine-de-gaujac.com\\\/nl\\\/toerisme-gard\\\/de-markt-in-anduze\\\/#breadcrumb\",\"itemListElement\":[{\"@type\":\"ListItem\",\"position\":1,\"name\":\"Camping Anduze dans le Gard\",\"item\":\"https:\\\/\\\/domaine-de-gaujac.com\\\/nl\\\/\"},{\"@type\":\"ListItem\",\"position\":2,\"name\":\"Toerisme in de Gard\",\"item\":\"https:\\\/\\\/domaine-de-gaujac.com\\\/nl\\\/toerisme-gard\\\/\"},{\"@type\":\"ListItem\",\"position\":3,\"name\":\"De markten van de Gard\"}]},{\"@type\":\"WebSite\",\"@id\":\"https:\\\/\\\/domaine-de-gaujac.com\\\/nl\\\/#website\",\"url\":\"https:\\\/\\\/domaine-de-gaujac.com\\\/nl\\\/\",\"name\":\"Gaujac\",\"description\":\"\",\"publisher\":{\"@id\":\"https:\\\/\\\/domaine-de-gaujac.com\\\/nl\\\/#organization\"},\"potentialAction\":[{\"@type\":\"SearchAction\",\"target\":{\"@type\":\"EntryPoint\",\"urlTemplate\":\"https:\\\/\\\/domaine-de-gaujac.com\\\/nl\\\/?s={search_term_string}\"},\"query-input\":{\"@type\":\"PropertyValueSpecification\",\"valueRequired\":true,\"valueName\":\"search_term_string\"}}],\"inLanguage\":\"nl-NL\"},{\"@type\":\"Organization\",\"@id\":\"https:\\\/\\\/domaine-de-gaujac.com\\\/nl\\\/#organization\",\"name\":\"Gaujac\",\"url\":\"https:\\\/\\\/domaine-de-gaujac.com\\\/nl\\\/\",\"logo\":{\"@type\":\"ImageObject\",\"inLanguage\":\"nl-NL\",\"@id\":\"https:\\\/\\\/domaine-de-gaujac.com\\\/nl\\\/#\\\/schema\\\/logo\\\/image\\\/\",\"url\":\"https:\\\/\\\/domaine-de-gaujac.com\\\/wp-content\\\/uploads\\\/2024\\\/05\\\/LOGO-CP-DOMAINE-DE-GAUJAC-1-1.png\",\"contentUrl\":\"https:\\\/\\\/domaine-de-gaujac.com\\\/wp-content\\\/uploads\\\/2024\\\/05\\\/LOGO-CP-DOMAINE-DE-GAUJAC-1-1.png\",\"width\":3334,\"height\":2084,\"caption\":\"Gaujac\"},\"image\":{\"@id\":\"https:\\\/\\\/domaine-de-gaujac.com\\\/nl\\\/#\\\/schema\\\/logo\\\/image\\\/\"}}]}<\/script>\n<!-- \/ Yoast SEO plugin. -->","yoast_head_json":{"title":"Markten in Anduze in de Gard: lijst van markten, rommelmarkten, avondmarkten, zomermarkten","description":"Ontdek de traditionele markt van Anduze tijdens uw verblijf op Domaine de Gaujac: lokale producten, ambachten en de authenticiteit van de Gard.","robots":{"index":"index","follow":"follow","max-snippet":"max-snippet:-1","max-image-preview":"max-image-preview:large","max-video-preview":"max-video-preview:-1"},"canonical":"https:\/\/domaine-de-gaujac.com\/nl\/toerisme-gard\/de-markt-in-anduze\/","og_locale":"nl_NL","og_type":"article","og_title":"Markten in Anduze in de Gard: lijst van markten, rommelmarkten, avondmarkten, zomermarkten","og_description":"Ontdek de traditionele markt van Anduze tijdens uw verblijf op Domaine de Gaujac: lokale producten, ambachten en de authenticiteit van de Gard.","og_url":"https:\/\/domaine-de-gaujac.com\/nl\/toerisme-gard\/de-markt-in-anduze\/","og_site_name":"Gaujac","article_modified_time":"2026-02-26T14:56:15+00:00","og_image":[{"width":1920,"height":500,"url":"https:\/\/domaine-de-gaujac.com\/wp-content\/uploads\/2023\/09\/marches-proche-danduze.jpg","type":"image\/jpeg"}],"twitter_card":"summary_large_image","twitter_misc":{"Geschatte leestijd":"1 minuut"},"schema":{"@context":"https:\/\/schema.org","@graph":[{"@type":"WebPage","@id":"https:\/\/domaine-de-gaujac.com\/nl\/toerisme-gard\/de-markt-in-anduze\/","url":"https:\/\/domaine-de-gaujac.com\/nl\/toerisme-gard\/de-markt-in-anduze\/","name":"Markten in Anduze in de Gard: lijst van markten, rommelmarkten, avondmarkten, zomermarkten","isPartOf":{"@id":"https:\/\/domaine-de-gaujac.com\/nl\/#website"},"primaryImageOfPage":{"@id":"https:\/\/domaine-de-gaujac.com\/nl\/toerisme-gard\/de-markt-in-anduze\/#primaryimage"},"image":{"@id":"https:\/\/domaine-de-gaujac.com\/nl\/toerisme-gard\/de-markt-in-anduze\/#primaryimage"},"thumbnailUrl":"https:\/\/domaine-de-gaujac.com\/wp-content\/uploads\/2023\/09\/marches-proche-danduze.jpg","datePublished":"2023-08-25T10:59:57+00:00","dateModified":"2026-02-26T14:56:15+00:00","description":"Ontdek de traditionele markt van Anduze tijdens uw verblijf op Domaine de Gaujac: lokale producten, ambachten en de authenticiteit van de Gard.","breadcrumb":{"@id":"https:\/\/domaine-de-gaujac.com\/nl\/toerisme-gard\/de-markt-in-anduze\/#breadcrumb"},"inLanguage":"nl-NL","potentialAction":[{"@type":"ReadAction","target":["https:\/\/domaine-de-gaujac.com\/nl\/toerisme-gard\/de-markt-in-anduze\/"]}]},{"@type":"ImageObject","inLanguage":"nl-NL","@id":"https:\/\/domaine-de-gaujac.com\/nl\/toerisme-gard\/de-markt-in-anduze\/#primaryimage","url":"https:\/\/domaine-de-gaujac.com\/wp-content\/uploads\/2023\/09\/marches-proche-danduze.jpg","contentUrl":"https:\/\/domaine-de-gaujac.com\/wp-content\/uploads\/2023\/09\/marches-proche-danduze.jpg","width":1920,"height":500},{"@type":"BreadcrumbList","@id":"https:\/\/domaine-de-gaujac.com\/nl\/toerisme-gard\/de-markt-in-anduze\/#breadcrumb","itemListElement":[{"@type":"ListItem","position":1,"name":"Camping Anduze dans le Gard","item":"https:\/\/domaine-de-gaujac.com\/nl\/"},{"@type":"ListItem","position":2,"name":"Toerisme in de Gard","item":"https:\/\/domaine-de-gaujac.com\/nl\/toerisme-gard\/"},{"@type":"ListItem","position":3,"name":"De markten van de Gard"}]},{"@type":"WebSite","@id":"https:\/\/domaine-de-gaujac.com\/nl\/#website","url":"https:\/\/domaine-de-gaujac.com\/nl\/","name":"Gaujac","description":"","publisher":{"@id":"https:\/\/domaine-de-gaujac.com\/nl\/#organization"},"potentialAction":[{"@type":"SearchAction","target":{"@type":"EntryPoint","urlTemplate":"https:\/\/domaine-de-gaujac.com\/nl\/?s={search_term_string}"},"query-input":{"@type":"PropertyValueSpecification","valueRequired":true,"valueName":"search_term_string"}}],"inLanguage":"nl-NL"},{"@type":"Organization","@id":"https:\/\/domaine-de-gaujac.com\/nl\/#organization","name":"Gaujac","url":"https:\/\/domaine-de-gaujac.com\/nl\/","logo":{"@type":"ImageObject","inLanguage":"nl-NL","@id":"https:\/\/domaine-de-gaujac.com\/nl\/#\/schema\/logo\/image\/","url":"https:\/\/domaine-de-gaujac.com\/wp-content\/uploads\/2024\/05\/LOGO-CP-DOMAINE-DE-GAUJAC-1-1.png","contentUrl":"https:\/\/domaine-de-gaujac.com\/wp-content\/uploads\/2024\/05\/LOGO-CP-DOMAINE-DE-GAUJAC-1-1.png","width":3334,"height":2084,"caption":"Gaujac"},"image":{"@id":"https:\/\/domaine-de-gaujac.com\/nl\/#\/schema\/logo\/image\/"}}]}},"_links":{"self":[{"href":"https:\/\/domaine-de-gaujac.com\/nl\/wp-json\/wp\/v2\/pages\/8967","targetHints":{"allow":["GET"]}}],"collection":[{"href":"https:\/\/domaine-de-gaujac.com\/nl\/wp-json\/wp\/v2\/pages"}],"about":[{"href":"https:\/\/domaine-de-gaujac.com\/nl\/wp-json\/wp\/v2\/types\/page"}],"author":[{"embeddable":true,"href":"https:\/\/domaine-de-gaujac.com\/nl\/wp-json\/wp\/v2\/users\/1"}],"replies":[{"embeddable":true,"href":"https:\/\/domaine-de-gaujac.com\/nl\/wp-json\/wp\/v2\/comments?post=8967"}],"version-history":[{"count":6,"href":"https:\/\/domaine-de-gaujac.com\/nl\/wp-json\/wp\/v2\/pages\/8967\/revisions"}],"predecessor-version":[{"id":1204409,"href":"https:\/\/domaine-de-gaujac.com\/nl\/wp-json\/wp\/v2\/pages\/8967\/revisions\/1204409"}],"up":[{"embeddable":true,"href":"https:\/\/domaine-de-gaujac.com\/nl\/wp-json\/wp\/v2\/pages\/8752"}],"wp:featuredmedia":[{"embeddable":true,"href":"https:\/\/domaine-de-gaujac.com\/nl\/wp-json\/wp\/v2\/media\/8973"}],"wp:attachment":[{"href":"https:\/\/domaine-de-gaujac.com\/nl\/wp-json\/wp\/v2\/media?parent=8967"}],"curies":[{"name":"wp","href":"https:\/\/api.w.org\/{rel}","templated":true}]}}